{"id":3878,"date":"2021-09-20T03:39:59","date_gmt":"2021-09-20T01:39:59","guid":{"rendered":"http:\/\/patriciocosentino.com\/?page_id=3878"},"modified":"2022-08-28T17:00:28","modified_gmt":"2022-08-28T15:00:28","slug":"frecuencias-bajas-charlas-musicales","status":"publish","type":"page","link":"https:\/\/patriciocosentino.com\/de\/frecuencias-bajas-charlas-musicales\/","title":{"rendered":"Frecuencias bajas, Charlas Musicales"},"content":{"rendered":"<p>Bienvenido a &#8222;<a href=\"http:\/\/patriciocosentino.com\/frecuencias-bajas-charlas-musicales\/\">Frecuencias bajas, Charlas musicales<\/a>&#8220; &#8211; Tu espacio en espa\u00f1ol!<\/p>\n<p>&#8222;Frecuencias bajas, Charlas musicales&#8220; crea a trav\u00e9s de la necesidad de tener informaci\u00f3n especializada en espa\u00f1ol.<\/p>\n<p>Es un espacio de intercambio en el que se tratan temas de la vida cotidiana de los m\u00fasicos amateurs, en formaci\u00f3n y\/o profesionales, as\u00ed como charlas sobre aspectos t\u00e9cnicos, materiales de trabajo, repertorio, temas relacionados con la psicolog\u00eda del m\u00fasico, Q&#038;A, as\u00ed como tambi\u00e9n se han ofrecido entrevista con los mas destacados int\u00e9rpretes y pedagogos de Latinoam\u00e9rica.<\/p>\n<p>\u201cFrecuencias bajas, Charlas musicales\u201d se ofrece semanalmente de forma ininterrumpida desde su comienzo el 28 de mayo de 2020 y cuenta en la actualidad con un total de 105 episodios.<\/p>\n<p>\u201cFrecuencias bajas, Charlas musicales\u201d son <a href=\"http:\/\/www.davidlopeztuba.com\/\">David Lopez<\/a> y <a href=\"http:\/\/www.patriciocosentino.com\">Patricio Cosentino<\/a>.<\/p>\n<p><\/p><div style=\"height:83px\" aria-hidden=\"true\" class=\"wp-block-spacer\"><\/div><p class=\"has-text-align-center\"><strong>Temario de los episodios:<\/strong><\/p><div class=\"wp-block-columns is-layout-flex wp-container-core-columns-is-layout-1 wp-block-columns-is-layout-flex\"><div class=\"wp-block-column is-layout-flow wp-block-column-is-layout-flow\"><figure class=\"wp-block-image size-full\"><a href=\"http:\/\/patriciocosentino.com\/episodio-1-como-tocar-afinado-en-el-instrumento-tuba\/\"><img fetchpriority=\"high\" decoding=\"async\" width=\"1024\" height=\"768\" src=\"http:\/\/patriciocosentino.com\/wp-content\/uploads\/Frecuencias-Bajas_28MAY2020_1024-1.jpg\" alt=\"\" class=\"wp-image-5077\" title=\"Como tocar afinado en el instrumento\" srcset=\"https:\/\/patriciocosentino.com\/wp-content\/uploads\/Frecuencias-Bajas_28MAY2020_1024-1.jpg 1024w, https:\/\/patriciocosentino.com\/wp-content\/uploads\/Frecuencias-Bajas_28MAY2020_1024-1-300x225.jpg 300w, https:\/\/patriciocosentino.com\/wp-content\/uploads\/Frecuencias-Bajas_28MAY2020_1024-1-768x576.jpg 768w, https:\/\/patriciocosentino.com\/wp-content\/uploads\/Frecuencias-Bajas_28MAY2020_1024-1-600x450.jpg 600w\" sizes=\"(max-width: 1024px) 100vw, 1024px\" \/><\/a><figcaption>Episodio 1 <\/figcaption><\/figure>\n\n<figure class=\"wp-block-image size-full\"><img decoding=\"async\" width=\"1024\" height=\"768\" src=\"http:\/\/patriciocosentino.com\/wp-content\/uploads\/Frecuencias-Bajas_18JUN_2020_1024.jpg\" alt=\"\" class=\"wp-image-5114\" title=\"Como tocar afinado en el instrumento\" srcset=\"https:\/\/patriciocosentino.com\/wp-content\/uploads\/Frecuencias-Bajas_18JUN_2020_1024.jpg 1024w, https:\/\/patriciocosentino.com\/wp-content\/uploads\/Frecuencias-Bajas_18JUN_2020_1024-300x225.jpg 300w, https:\/\/patriciocosentino.com\/wp-content\/uploads\/Frecuencias-Bajas_18JUN_2020_1024-768x576.jpg 768w, https:\/\/patriciocosentino.com\/wp-content\/uploads\/Frecuencias-Bajas_18JUN_2020_1024-600x450.jpg 600w\" sizes=\"(max-width: 1024px) 100vw, 1024px\" \/><figcaption>Episodio 4<\/figcaption><\/figure>\n\n<figure class=\"wp-block-image size-full\"><img decoding=\"async\" width=\"1024\" height=\"768\" src=\"http:\/\/patriciocosentino.com\/wp-content\/uploads\/Frecuencias-Bajas_09JULIO_2020_1024_parte1.jpg\" alt=\"\" class=\"wp-image-5148\" title=\"Como tocar afinado en el instrumento\" srcset=\"https:\/\/patriciocosentino.com\/wp-content\/uploads\/Frecuencias-Bajas_09JULIO_2020_1024_parte1.jpg 1024w, https:\/\/patriciocosentino.com\/wp-content\/uploads\/Frecuencias-Bajas_09JULIO_2020_1024_parte1-300x225.jpg 300w, https:\/\/patriciocosentino.com\/wp-content\/uploads\/Frecuencias-Bajas_09JULIO_2020_1024_parte1-768x576.jpg 768w, https:\/\/patriciocosentino.com\/wp-content\/uploads\/Frecuencias-Bajas_09JULIO_2020_1024_parte1-600x450.jpg 600w\" sizes=\"(max-width: 1024px) 100vw, 1024px\" \/><figcaption>Episodio 7<\/figcaption><\/figure>\n\n<figure class=\"wp-block-image size-full\"><img loading=\"lazy\" decoding=\"async\" width=\"1024\" height=\"768\" src=\"http:\/\/patriciocosentino.com\/wp-content\/uploads\/Frecuencias-Bajas_30JULIO_2020_1024.jpg\" alt=\"\" class=\"wp-image-5151\" title=\"Como tocar afinado en el instrumento\" srcset=\"https:\/\/patriciocosentino.com\/wp-content\/uploads\/Frecuencias-Bajas_30JULIO_2020_1024.jpg 1024w, https:\/\/patriciocosentino.com\/wp-content\/uploads\/Frecuencias-Bajas_30JULIO_2020_1024-300x225.jpg 300w, https:\/\/patriciocosentino.com\/wp-content\/uploads\/Frecuencias-Bajas_30JULIO_2020_1024-768x576.jpg 768w, https:\/\/patriciocosentino.com\/wp-content\/uploads\/Frecuencias-Bajas_30JULIO_2020_1024-600x450.jpg 600w\" sizes=\"(max-width: 1024px) 100vw, 1024px\" \/><figcaption>Episodio 10<\/figcaption><\/figure>\n\n<figure class=\"wp-block-image size-full\"><img loading=\"lazy\" decoding=\"async\" width=\"1024\" height=\"768\" src=\"http:\/\/patriciocosentino.com\/wp-content\/uploads\/Frecuencias-Bajas_20AGO_2020_1024.jpg\" alt=\"\" class=\"wp-image-5154\" title=\"Como tocar afinado en el instrumento\" srcset=\"https:\/\/patriciocosentino.com\/wp-content\/uploads\/Frecuencias-Bajas_20AGO_2020_1024.jpg 1024w, https:\/\/patriciocosentino.com\/wp-content\/uploads\/Frecuencias-Bajas_20AGO_2020_1024-300x225.jpg 300w, https:\/\/patriciocosentino.com\/wp-content\/uploads\/Frecuencias-Bajas_20AGO_2020_1024-768x576.jpg 768w, https:\/\/patriciocosentino.com\/wp-content\/uploads\/Frecuencias-Bajas_20AGO_2020_1024-600x450.jpg 600w\" sizes=\"(max-width: 1024px) 100vw, 1024px\" \/><figcaption>Episodio 13<\/figcaption><\/figure>\n\n<figure class=\"wp-block-image size-full\"><img loading=\"lazy\" decoding=\"async\" width=\"1022\" height=\"767\" src=\"http:\/\/patriciocosentino.com\/wp-content\/uploads\/Frecuencias-Bajas_11SEP_2020_1024.jpg\" alt=\"\" class=\"wp-image-5157\" title=\"Como tocar afinado en el instrumento\" srcset=\"https:\/\/patriciocosentino.com\/wp-content\/uploads\/Frecuencias-Bajas_11SEP_2020_1024.jpg 1022w, https:\/\/patriciocosentino.com\/wp-content\/uploads\/Frecuencias-Bajas_11SEP_2020_1024-300x225.jpg 300w, https:\/\/patriciocosentino.com\/wp-content\/uploads\/Frecuencias-Bajas_11SEP_2020_1024-768x576.jpg 768w, https:\/\/patriciocosentino.com\/wp-content\/uploads\/Frecuencias-Bajas_11SEP_2020_1024-600x450.jpg 600w\" sizes=\"(max-width: 1022px) 100vw, 1022px\" \/><figcaption>Episodio 16<\/figcaption><\/figure><\/div>\n\n<div class=\"wp-block-column is-layout-flow wp-block-column-is-layout-flow\"><figure class=\"wp-block-image size-full\"><img loading=\"lazy\" decoding=\"async\" width=\"1024\" height=\"768\" src=\"http:\/\/patriciocosentino.com\/wp-content\/uploads\/Frecuencias-Bajas_04JUNIO2020_1024.jpg\" alt=\"\" class=\"wp-image-5108\" srcset=\"https:\/\/patriciocosentino.com\/wp-content\/uploads\/Frecuencias-Bajas_04JUNIO2020_1024.jpg 1024w, https:\/\/patriciocosentino.com\/wp-content\/uploads\/Frecuencias-Bajas_04JUNIO2020_1024-300x225.jpg 300w, https:\/\/patriciocosentino.com\/wp-content\/uploads\/Frecuencias-Bajas_04JUNIO2020_1024-768x576.jpg 768w, https:\/\/patriciocosentino.com\/wp-content\/uploads\/Frecuencias-Bajas_04JUNIO2020_1024-600x450.jpg 600w\" sizes=\"(max-width: 1024px) 100vw, 1024px\" \/><figcaption>Episodio 2<\/figcaption><\/figure>\n\n<figure class=\"wp-block-image size-full\"><img loading=\"lazy\" decoding=\"async\" width=\"1024\" height=\"768\" src=\"http:\/\/patriciocosentino.com\/wp-content\/uploads\/Frecuencias-Bajas_25JUN2020_1024.jpg\" alt=\"\" class=\"wp-image-5115\" srcset=\"https:\/\/patriciocosentino.com\/wp-content\/uploads\/Frecuencias-Bajas_25JUN2020_1024.jpg 1024w, https:\/\/patriciocosentino.com\/wp-content\/uploads\/Frecuencias-Bajas_25JUN2020_1024-300x225.jpg 300w, https:\/\/patriciocosentino.com\/wp-content\/uploads\/Frecuencias-Bajas_25JUN2020_1024-768x576.jpg 768w, https:\/\/patriciocosentino.com\/wp-content\/uploads\/Frecuencias-Bajas_25JUN2020_1024-600x450.jpg 600w\" sizes=\"(max-width: 1024px) 100vw, 1024px\" \/><figcaption>Episodio 5<\/figcaption><\/figure>\n\n<figure class=\"wp-block-image size-full\"><img loading=\"lazy\" decoding=\"async\" width=\"1024\" height=\"768\" src=\"http:\/\/patriciocosentino.com\/wp-content\/uploads\/Frecuencias-Bajas_16JULIO_2020_1024_parte2.jpg\" alt=\"\" class=\"wp-image-5149\" srcset=\"https:\/\/patriciocosentino.com\/wp-content\/uploads\/Frecuencias-Bajas_16JULIO_2020_1024_parte2.jpg 1024w, https:\/\/patriciocosentino.com\/wp-content\/uploads\/Frecuencias-Bajas_16JULIO_2020_1024_parte2-300x225.jpg 300w, https:\/\/patriciocosentino.com\/wp-content\/uploads\/Frecuencias-Bajas_16JULIO_2020_1024_parte2-768x576.jpg 768w, https:\/\/patriciocosentino.com\/wp-content\/uploads\/Frecuencias-Bajas_16JULIO_2020_1024_parte2-600x450.jpg 600w\" sizes=\"(max-width: 1024px) 100vw, 1024px\" \/><figcaption>Episodio 8<\/figcaption><\/figure>\n\n<figure class=\"wp-block-image size-full\"><img loading=\"lazy\" decoding=\"async\" width=\"1024\" height=\"768\" src=\"http:\/\/patriciocosentino.com\/wp-content\/uploads\/Frecuencias-Bajas_06AGO_2020_1024.jpg\" alt=\"\" class=\"wp-image-5152\" srcset=\"https:\/\/patriciocosentino.com\/wp-content\/uploads\/Frecuencias-Bajas_06AGO_2020_1024.jpg 1024w, https:\/\/patriciocosentino.com\/wp-content\/uploads\/Frecuencias-Bajas_06AGO_2020_1024-300x225.jpg 300w, https:\/\/patriciocosentino.com\/wp-content\/uploads\/Frecuencias-Bajas_06AGO_2020_1024-768x576.jpg 768w, https:\/\/patriciocosentino.com\/wp-content\/uploads\/Frecuencias-Bajas_06AGO_2020_1024-600x450.jpg 600w\" sizes=\"(max-width: 1024px) 100vw, 1024px\" \/><figcaption>Episodio 11<\/figcaption><\/figure>\n\n<figure class=\"wp-block-image size-full\"><img loading=\"lazy\" decoding=\"async\" width=\"1024\" height=\"768\" src=\"http:\/\/patriciocosentino.com\/wp-content\/uploads\/Frecuencias-Bajas_27AGO_2020_1024.jpg\" alt=\"\" class=\"wp-image-5155\" srcset=\"https:\/\/patriciocosentino.com\/wp-content\/uploads\/Frecuencias-Bajas_27AGO_2020_1024.jpg 1024w, https:\/\/patriciocosentino.com\/wp-content\/uploads\/Frecuencias-Bajas_27AGO_2020_1024-300x225.jpg 300w, https:\/\/patriciocosentino.com\/wp-content\/uploads\/Frecuencias-Bajas_27AGO_2020_1024-768x576.jpg 768w, https:\/\/patriciocosentino.com\/wp-content\/uploads\/Frecuencias-Bajas_27AGO_2020_1024-600x450.jpg 600w\" sizes=\"(max-width: 1024px) 100vw, 1024px\" \/><figcaption>Episodio 14<\/figcaption><\/figure><\/div>\n\n<div class=\"wp-block-column is-layout-flow wp-block-column-is-layout-flow\"><figure class=\"wp-block-image size-full\"><img loading=\"lazy\" decoding=\"async\" width=\"1024\" height=\"768\" src=\"http:\/\/patriciocosentino.com\/wp-content\/uploads\/Frecuencias-Bajas_11jun2020_1024.jpg\" alt=\"\" class=\"wp-image-5111\" srcset=\"https:\/\/patriciocosentino.com\/wp-content\/uploads\/Frecuencias-Bajas_11jun2020_1024.jpg 1024w, https:\/\/patriciocosentino.com\/wp-content\/uploads\/Frecuencias-Bajas_11jun2020_1024-300x225.jpg 300w, https:\/\/patriciocosentino.com\/wp-content\/uploads\/Frecuencias-Bajas_11jun2020_1024-768x576.jpg 768w, https:\/\/patriciocosentino.com\/wp-content\/uploads\/Frecuencias-Bajas_11jun2020_1024-600x450.jpg 600w\" sizes=\"(max-width: 1024px) 100vw, 1024px\" \/><figcaption>Episodio 3<\/figcaption><\/figure>\n\n<figure class=\"wp-block-image size-full\"><img loading=\"lazy\" decoding=\"async\" width=\"1024\" height=\"768\" src=\"http:\/\/patriciocosentino.com\/wp-content\/uploads\/Frecuencias-Bajas_02JUL2020_1024.jpg\" alt=\"\" class=\"wp-image-5116\" srcset=\"https:\/\/patriciocosentino.com\/wp-content\/uploads\/Frecuencias-Bajas_02JUL2020_1024.jpg 1024w, https:\/\/patriciocosentino.com\/wp-content\/uploads\/Frecuencias-Bajas_02JUL2020_1024-300x225.jpg 300w, https:\/\/patriciocosentino.com\/wp-content\/uploads\/Frecuencias-Bajas_02JUL2020_1024-768x576.jpg 768w, https:\/\/patriciocosentino.com\/wp-content\/uploads\/Frecuencias-Bajas_02JUL2020_1024-600x450.jpg 600w\" sizes=\"(max-width: 1024px) 100vw, 1024px\" \/><figcaption>Episodio 6<\/figcaption><\/figure>\n\n<figure class=\"wp-block-image size-full\"><img loading=\"lazy\" decoding=\"async\" width=\"1024\" height=\"768\" src=\"http:\/\/patriciocosentino.com\/wp-content\/uploads\/Frecuencias-Bajas_23JULIO_2020_1024_parte3.jpg\" alt=\"\" class=\"wp-image-5150\" srcset=\"https:\/\/patriciocosentino.com\/wp-content\/uploads\/Frecuencias-Bajas_23JULIO_2020_1024_parte3.jpg 1024w, https:\/\/patriciocosentino.com\/wp-content\/uploads\/Frecuencias-Bajas_23JULIO_2020_1024_parte3-300x225.jpg 300w, https:\/\/patriciocosentino.com\/wp-content\/uploads\/Frecuencias-Bajas_23JULIO_2020_1024_parte3-768x576.jpg 768w, https:\/\/patriciocosentino.com\/wp-content\/uploads\/Frecuencias-Bajas_23JULIO_2020_1024_parte3-600x450.jpg 600w\" sizes=\"(max-width: 1024px) 100vw, 1024px\" \/><figcaption>Episodio 9<\/figcaption><\/figure>\n\n<figure class=\"wp-block-image size-full\"><img loading=\"lazy\" decoding=\"async\" width=\"1024\" height=\"768\" src=\"http:\/\/patriciocosentino.com\/wp-content\/uploads\/Frecuencias-Bajas_13AGO_2020_1024.jpg\" alt=\"\" class=\"wp-image-5153\" srcset=\"https:\/\/patriciocosentino.com\/wp-content\/uploads\/Frecuencias-Bajas_13AGO_2020_1024.jpg 1024w, https:\/\/patriciocosentino.com\/wp-content\/uploads\/Frecuencias-Bajas_13AGO_2020_1024-300x225.jpg 300w, https:\/\/patriciocosentino.com\/wp-content\/uploads\/Frecuencias-Bajas_13AGO_2020_1024-768x576.jpg 768w, https:\/\/patriciocosentino.com\/wp-content\/uploads\/Frecuencias-Bajas_13AGO_2020_1024-600x450.jpg 600w\" sizes=\"(max-width: 1024px) 100vw, 1024px\" \/><figcaption>Episodio 12<\/figcaption><\/figure>\n\n<figure class=\"wp-block-image size-full\"><img loading=\"lazy\" decoding=\"async\" width=\"1024\" height=\"768\" src=\"http:\/\/patriciocosentino.com\/wp-content\/uploads\/Frecuencias-Bajas_04SEPT_2020_1024.jpg\" alt=\"\" class=\"wp-image-5156\" srcset=\"https:\/\/patriciocosentino.com\/wp-content\/uploads\/Frecuencias-Bajas_04SEPT_2020_1024.jpg 1024w, https:\/\/patriciocosentino.com\/wp-content\/uploads\/Frecuencias-Bajas_04SEPT_2020_1024-300x225.jpg 300w, https:\/\/patriciocosentino.com\/wp-content\/uploads\/Frecuencias-Bajas_04SEPT_2020_1024-768x576.jpg 768w, https:\/\/patriciocosentino.com\/wp-content\/uploads\/Frecuencias-Bajas_04SEPT_2020_1024-600x450.jpg 600w\" sizes=\"(max-width: 1024px) 100vw, 1024px\" \/><figcaption>Episodio 15<\/figcaption><\/figure><\/div><\/div><p><\/p>","protected":false},"excerpt":{"rendered":"<p>Bienvenido a &#8222;Frecuencias bajas, Charlas musicales&#8220; &#8211; Tu espacio en espa\u00f1ol! &#8222;Frecuencias bajas, Charlas musicales&#8220; crea a trav\u00e9s de la necesidad de tener informaci\u00f3n especializada en espa\u00f1ol. Es un espacio de intercambio en el que se tratan temas de la vida cotidiana de los m\u00fasicos amateurs, en formaci\u00f3n y\/o profesionales, as\u00ed como charlas sobre aspectos t\u00e9cnicos, materiales de trabajo, repertorio, temas relacionados con la psicolog\u00eda del m\u00fasico, Q&#038;A, as\u00ed como tambi\u00e9n se han ofrecido entrevista con los mas destacados int\u00e9rpretes y pedagogos de Latinoam\u00e9rica. \u201cFrecuencias bajas, Charlas musicales\u201d se ofrece semanalmente de forma ininterrumpida desde su comienzo el 28 de mayo de 2020 y cuenta en la actualidad con un total de 105 episodios. \u201cFrecuencias bajas, Charlas musicales\u201d son David Lopez y Patricio Cosentino. Temario de los episodios:<\/p>\n","protected":false},"author":1,"featured_media":5102,"parent":0,"menu_order":0,"comment_status":"closed","ping_status":"closed","template":"","meta":{"_joinchat":[],"footnotes":""},"class_list":["post-3878","page","type-page","status-publish","has-post-thumbnail","hentry"],"jetpack_sharing_enabled":true,"_links":{"self":[{"href":"https:\/\/patriciocosentino.com\/de\/wp-json\/wp\/v2\/pages\/3878","targetHints":{"allow":["GET"]}}],"collection":[{"href":"https:\/\/patriciocosentino.com\/de\/wp-json\/wp\/v2\/pages"}],"about":[{"href":"https:\/\/patriciocosentino.com\/de\/wp-json\/wp\/v2\/types\/page"}],"author":[{"embeddable":true,"href":"https:\/\/patriciocosentino.com\/de\/wp-json\/wp\/v2\/users\/1"}],"replies":[{"embeddable":true,"href":"https:\/\/patriciocosentino.com\/de\/wp-json\/wp\/v2\/comments?post=3878"}],"version-history":[{"count":11,"href":"https:\/\/patriciocosentino.com\/de\/wp-json\/wp\/v2\/pages\/3878\/revisions"}],"predecessor-version":[{"id":5669,"href":"https:\/\/patriciocosentino.com\/de\/wp-json\/wp\/v2\/pages\/3878\/revisions\/5669"}],"wp:featuredmedia":[{"embeddable":true,"href":"https:\/\/patriciocosentino.com\/de\/wp-json\/wp\/v2\/media\/5102"}],"wp:attachment":[{"href":"https:\/\/patriciocosentino.com\/de\/wp-json\/wp\/v2\/media?parent=3878"}],"curies":[{"name":"wp","href":"https:\/\/api.w.org\/{rel}","templated":true}]}}